{"id":33816,"date":"2023-03-22T11:42:31","date_gmt":"2023-03-22T10:42:31","guid":{"rendered":"https:\/\/fpc.ms-dev.it\/?page_id=33816"},"modified":"2023-04-24T15:58:40","modified_gmt":"2023-04-24T13:58:40","slug":"homelands-reja","status":"publish","type":"page","link":"https:\/\/www.fondazionepaolocresci.it\/sq\/museo\/le-nuove-patrie\/","title":{"rendered":"Homelands reja"},"content":{"rendered":"<h1>\n\t\t &#8211; \n\t<\/h1>\n<h2>\n\t\tThemelues qytetesh dhe kolonizator\u00eb\n\t<\/h2>\n\t<p>L&#8217;immigrazione italiana negli Stati Uniti, sebbene composta in gran parte da contadini, si tenne lontana dall&#8217;agricoltura con eccezioni negli Stati del Sud. Tontitown, in Arkansas, colonia fondata nel 1898 e ancora oggi con forte componente italiana, e, in California, la Italian-Swiss Agricoltural Colony, nata nel 1881 nella Sonoma Valley, per volont\u00e0 di Andrea Sbarboro, pioniere delle aziende italiane nelle &#8220;contee del vino&#8221;.<\/p>\n<p>Situata n\u00eb Amerik\u00ebn Latine ishte e ndryshme. N\u00eb Brazil, fermer\u00ebt venecian\u00eb, friulian\u00eb, trentin dhe lombard krijuan koloni t\u00eb cilave u dhan\u00eb emrat e vendeve t\u00eb origjin\u00ebs s\u00eb tyre.<\/p>\n<p>N\u00eb Argjentin\u00eb, p\u00ebr shembull, \u00ebsht\u00eb Villa Regina ku kolon\u00ebt italian\u00eb e shnd\u00ebrruan shkret\u00ebtir\u00ebn n\u00eb pemishte, vreshta, plantacione drith\u00ebrash, misri dhe perimesh.<\/p>\n<p>Un percorso singolare di diversi italiani \u00e8 stato quello dei fondatori di citt\u00e0. Talvolta piccoli imprenditori, operanti nell&#8217;indotto delle costruzioni ferroviarie, ebbero l&#8217;intelligenza di precedere piuttosto che seguire i binari acquistando terreni adatti alle future stazioni e ai paesi che sarebbero nati intorno a esse. Per questo alcuni di loro vengono ricordati come &#8220;fondatori di citt\u00e0&#8221;.<\/p>\n\t\t\t\t<a\n\t\t\thref=\"https:\/\/www.fondazionepaolocresci.it\/wp-content\/uploads\/2023\/03\/01_pag34-357x400-1.jpg\"\n\t\t\t\t\t\tdata-fancybox=\"images\" \n\t\t\ttitle=\"01_pag34-357x400\" \n\t\t\t\t\t\tdata-caption=\"USA, Arkansas, Tontitown. Fu fondata nel 1898, da padre Pietro Bandini, missionario scalabriniano, che vi port\u00f2 quanti erano sopravvissuti di un gruppo di coloni italiani (veneti, romagnoli e pochi toscani) che, alcuni anni prima, si erano insediati, nello stesso Stato, in una zona insalubre\"\n\t\t\t\t\t\tdata-description=\"\" \n\t\t\titemprop=\"contentUrl\">\n\t\t\t<img decoding=\"async\" src=\"https:\/\/www.fondazionepaolocresci.it\/wp-content\/uploads\/2023\/03\/01_pag34-357x400-1.jpg\" alt=\"\" data-no-lazy=\"1\" itemprop=\"thumbnail\" width=\"406\" height=\"455\" \/>\n\t\t\t<!-- Overlay Wrapper -->\n\t\t\t <!-- Overlay Wrapper Closed -->\n\t\t\t\t<\/a>\n\t\t\t\t\t\t\t<meta itemprop=\"width\" content=\"406\" \/>\n\t\t\t<meta itemprop=\"height\" content=\"455\" \/>\n\t\tUSA, Arkansas, Tontitown. Fu fondata nel 1898, da padre Pietro Bandini, missionario scalabriniano, che vi port\u00f2 quanti erano sopravvissuti di un gruppo di coloni italiani (veneti, romagnoli e pochi toscani) che, alcuni anni prima, si erano insediati, nello stesso Stato, in una zona insalubre\n\t\t\t\t<a\n\t\t\thref=\"https:\/\/www.fondazionepaolocresci.it\/wp-content\/uploads\/2023\/03\/02_pag34-a-400x307-1.jpg\"\n\t\t\t\t\t\tdata-fancybox=\"images\" \n\t\t\ttitle=\"02_pag34-a-400x307\" \n\t\t\t\t\t\tdata-caption=\"Argentina, Rio Negro, Villa Regina. Panorama della colonia\"\n\t\t\t\t\t\tdata-description=\"\" \n\t\t\titemprop=\"contentUrl\">\n\t\t\t<img decoding=\"async\" src=\"https:\/\/www.fondazionepaolocresci.it\/wp-content\/uploads\/2023\/03\/02_pag34-a-400x307-1.jpg\" alt=\"\" data-no-lazy=\"1\" itemprop=\"thumbnail\" width=\"455\" height=\"349\" \/>\n\t\t\t<!-- Overlay Wrapper -->\n\t\t\t <!-- Overlay Wrapper Closed -->\n\t\t\t\t<\/a>\n\t\t\t\t\t\t\t<meta itemprop=\"width\" content=\"455\" \/>\n\t\t\t<meta itemprop=\"height\" content=\"349\" \/>\n\t\tArgentina, Rio Negro, Villa Regina. Panorama della colonia\n\t\t\t\t<a\n\t\t\thref=\"https:\/\/www.fondazionepaolocresci.it\/wp-content\/uploads\/2023\/03\/03_.jpg\"\n\t\t\t\t\t\tdata-fancybox=\"images\" \n\t\t\ttitle=\"03_\" \n\t\t\t\t\t\tdata-caption=\"Brasile, Rio Grande del Sud, Caxias. Raffaele Rossi, di Collespina, Lucca, emigrato con la famiglia nel 1875, partecipa, insieme a un gruppo di veneti, alla fondazione della citt\u00e0 di Caxias. Due immagini della citt\u00e0: alle origini e in epoca moderna \"\n\t\t\t\t\t\tdata-description=\"\" \n\t\t\titemprop=\"contentUrl\">\n\t\t\t<img decoding=\"async\" src=\"https:\/\/www.fondazionepaolocresci.it\/wp-content\/uploads\/2023\/03\/03_.jpg\" alt=\"\" data-no-lazy=\"1\" itemprop=\"thumbnail\" width=\"316\" height=\"455\" \/>\n\t\t\t<!-- Overlay Wrapper -->\n\t\t\t <!-- Overlay Wrapper Closed -->\n\t\t\t\t<\/a>\n\t\t\t\t\t\t\t<meta itemprop=\"width\" content=\"316\" \/>\n\t\t\t<meta itemprop=\"height\" content=\"455\" \/>\n\t\tBrasile, Rio Grande del Sud, Caxias. Raffaele Rossi, di Collespina, Lucca, emigrato con la famiglia nel 1875, partecipa, insieme a un gruppo di veneti, alla fondazione della citt\u00e0 di Caxias. Due immagini della citt\u00e0: alle origini e in epoca moderna \n\t<h2>\n\t\tLe &#8220;piccole Italie&#8221;\n\t<\/h2>\n\t<p>Le strade della Little Italy, come veniva chiamato il quartiere italiano negli Stati Uniti, erano strette, affollate, sporche, sovrastate da tenements , grandi caseggiati fatiscenti con i servizi in comune e l&#8217;ingresso in vicoli quasi inagibili e bui.<\/p>\n<p>L&#8217;immigrato appena arrivato, trovava rifugio nella &#8220;Piccola Italia&#8221; integrandosi nel gruppo che riproduceva i valori e i comportamenti conosciuti. A Buenos Aires gli emigrati trovarono alloggio nella zona del porto, in palazzi trasformati in abitazioni, i conventillos: edifici su due piani, con cortile interno dove erano i servizi in comune.<\/p>\n<p>I conventillos a Buenos Aires e i tenements a New York, diventarono centri di riproduzione della cultura italiana e origine dei quartieri italiani in cui le strade avevano la funzione della piazza del paese, dove si ritrovava un patrimonio culturale, sospeso tra le antiche radici e le nuove &#8220;frontiere&#8221;.<\/p>\n\t\t\t\t<a\n\t\t\thref=\"https:\/\/www.fondazionepaolocresci.it\/wp-content\/uploads\/2023\/03\/04_pag37-400x307-1.jpg\"\n\t\t\t\t\t\tdata-fancybox=\"images\" \n\t\t\ttitle=\"04_pag37-400x307\" \n\t\t\t\t\t\tdata-caption=\"USA. Un agricoltore di origine italiana\"\n\t\t\t\t\t\tdata-description=\"\" \n\t\t\titemprop=\"contentUrl\">\n\t\t\t<img decoding=\"async\" src=\"https:\/\/www.fondazionepaolocresci.it\/wp-content\/uploads\/2023\/03\/04_pag37-400x307-1.jpg\" alt=\"\" data-no-lazy=\"1\" itemprop=\"thumbnail\" width=\"455\" height=\"349\" \/>\n\t\t\t<!-- Overlay Wrapper -->\n\t\t\t <!-- Overlay Wrapper Closed -->\n\t\t\t\t<\/a>\n\t\t\t\t\t\t\t<meta itemprop=\"width\" content=\"455\" \/>\n\t\t\t<meta itemprop=\"height\" content=\"349\" \/>\n\t\tUSA. Un agricoltore di origine italiana\n\t\t\t\t<a\n\t\t\thref=\"https:\/\/www.fondazionepaolocresci.it\/wp-content\/uploads\/2023\/03\/05_pag37-a-400x276-1.jpg\"\n\t\t\t\t\t\tdata-fancybox=\"images\" \n\t\t\ttitle=\"05_pag37-a-400x276\" \n\t\t\t\t\t\tdata-caption=\"Argentina, Buenos Aires, inizio novecento. Un conventillo, antica casa padronale trasformata in alloggio per i nuovi immigrati\"\n\t\t\t\t\t\tdata-description=\"\" \n\t\t\titemprop=\"contentUrl\">\n\t\t\t<img decoding=\"async\" src=\"https:\/\/www.fondazionepaolocresci.it\/wp-content\/uploads\/2023\/03\/05_pag37-a-400x276-1.jpg\" alt=\"\" data-no-lazy=\"1\" itemprop=\"thumbnail\" width=\"455\" height=\"314\" \/>\n\t\t\t<!-- Overlay Wrapper -->\n\t\t\t <!-- Overlay Wrapper Closed -->\n\t\t\t\t<\/a>\n\t\t\t\t\t\t\t<meta itemprop=\"width\" content=\"455\" \/>\n\t\t\t<meta itemprop=\"height\" content=\"314\" \/>\n\t\tArgentina, Buenos Aires, inizio novecento. Un conventillo, antica casa padronale trasformata in alloggio per i nuovi immigrati\n\t\t\t\t<a\n\t\t\thref=\"https:\/\/www.fondazionepaolocresci.it\/wp-content\/uploads\/2023\/03\/06_pag37-b-291x400-1.jpg\"\n\t\t\t\t\t\tdata-fancybox=\"images\" \n\t\t\ttitle=\"06_pag37-b-291x400\" \n\t\t\t\t\t\tdata-caption=\"USA, New York, primi anni del novecento.Hester Street\"\n\t\t\t\t\t\tdata-description=\"\" \n\t\t\titemprop=\"contentUrl\">\n\t\t\t<img decoding=\"async\" src=\"https:\/\/www.fondazionepaolocresci.it\/wp-content\/uploads\/2023\/03\/06_pag37-b-291x400-1.jpg\" alt=\"\" data-no-lazy=\"1\" itemprop=\"thumbnail\" width=\"331\" height=\"455\" \/>\n\t\t\t<!-- Overlay Wrapper -->\n\t\t\t <!-- Overlay Wrapper Closed -->\n\t\t\t\t<\/a>\n\t\t\t\t\t\t\t<meta itemprop=\"width\" content=\"331\" \/>\n\t\t\t<meta itemprop=\"height\" content=\"455\" \/>\n\t\tUSA, New York, primi anni del novecento.Hester Street\n\t\t\t\t<a\n\t\t\thref=\"https:\/\/www.fondazionepaolocresci.it\/wp-content\/uploads\/2023\/03\/07_pag37-c-400x232-1.jpg\"\n\t\t\t\t\t\tdata-fancybox=\"images\" \n\t\t\ttitle=\"07_pag37-c-400x232\" \n\t\t\t\t\t\tdata-caption=\"USA, New York, Paola Franchi, al centro, con due amiche nel cortile di casa\"\n\t\t\t\t\t\tdata-description=\"\" \n\t\t\titemprop=\"contentUrl\">\n\t\t\t<img decoding=\"async\" src=\"https:\/\/www.fondazionepaolocresci.it\/wp-content\/uploads\/2023\/03\/07_pag37-c-400x232-1.jpg\" alt=\"\" data-no-lazy=\"1\" itemprop=\"thumbnail\" width=\"455\" height=\"264\" \/>\n\t\t\t<!-- Overlay Wrapper -->\n\t\t\t <!-- Overlay Wrapper Closed -->\n\t\t\t\t<\/a>\n\t\t\t\t\t\t\t<meta itemprop=\"width\" content=\"455\" \/>\n\t\t\t<meta itemprop=\"height\" content=\"264\" \/>\n\t\tUSA, New York, Paola Franchi, al centro, con due amiche nel cortile di casa\n\t<h2>\n\t\tSht\u00ebpia e dashur\n\t<\/h2>\n\t<p>La conquista della casa divenne uno dei pi\u00f9 rassicuranti &#8220;segnali&#8221; del percorso compiuto e del &#8220;progresso&#8221; fatto: la casa \u00e8 il luogo in cui ognuno pu\u00f2 essere semplicemente s\u00e9 stesso. La casa \u00e8 nido e fortezza; rifugio per chi ha &#8220;dentro l&#8217;Italia, fuori l&#8217;America&#8221;, ancora in gran parte da conquistare. E le foto sono quasi biografie scritte dagli emigrati stessi.<\/p>\n<p>Due testimonianze diverse: Augustin Storace commerciante e bombero (vigile del fuoco) a Lima. Provvisto di buona istruzione usa l&#8217;obiettivo per fissare scene di vita familiare. Benny Moscardini, trapiantato a Boston, fa un uso meno privato della fotografia: ritrae giovani e ragazze del quartiere, le vie imbandierate in onore del generale Diaz e, in occasione di un viaggio in Italia, una banchina del porto di New York.<\/p>\n\t\t\t\t<a\n\t\t\thref=\"https:\/\/www.fondazionepaolocresci.it\/wp-content\/uploads\/2023\/03\/08_fondo-pagina-15e-296x400-1.jpg\"\n\t\t\t\t\t\tdata-fancybox=\"images\" \n\t\t\ttitle=\"08_fondo-pagina-15e-296x400\" \n\t\t\t\t\t\tdata-caption=\"Per\u00f9, Lima, 1900 circa. Nella casa di Augustin Storace\"\n\t\t\t\t\t\tdata-description=\"\" \n\t\t\titemprop=\"contentUrl\">\n\t\t\t<img decoding=\"async\" src=\"https:\/\/www.fondazionepaolocresci.it\/wp-content\/uploads\/2023\/03\/08_fondo-pagina-15e-296x400-1.jpg\" alt=\"\" data-no-lazy=\"1\" itemprop=\"thumbnail\" width=\"337\" height=\"455\" \/>\n\t\t\t<!-- Overlay Wrapper -->\n\t\t\t <!-- Overlay Wrapper Closed -->\n\t\t\t\t<\/a>\n\t\t\t\t\t\t\t<meta itemprop=\"width\" content=\"337\" \/>\n\t\t\t<meta itemprop=\"height\" content=\"455\" \/>\n\t\tPer\u00f9, Lima, 1900 circa. Nella casa di Augustin Storace\n\t\t\t\t<a\n\t\t\thref=\"https:\/\/www.fondazionepaolocresci.it\/wp-content\/uploads\/2023\/03\/09_pag38-400x316-1.jpg\"\n\t\t\t\t\t\tdata-fancybox=\"images\" \n\t\t\ttitle=\"09_pag38-400x316\" \n\t\t\t\t\t\tdata-caption=\"Brasile, Minas Gerais, Monte Si\u00e3o, 1920. La famiglia Pennacchi nel giardino di casa\"\n\t\t\t\t\t\tdata-description=\"\" \n\t\t\titemprop=\"contentUrl\">\n\t\t\t<img decoding=\"async\" src=\"https:\/\/www.fondazionepaolocresci.it\/wp-content\/uploads\/2023\/03\/09_pag38-400x316-1.jpg\" alt=\"\" data-no-lazy=\"1\" itemprop=\"thumbnail\" width=\"455\" height=\"359\" \/>\n\t\t\t<!-- Overlay Wrapper -->\n\t\t\t <!-- Overlay Wrapper Closed -->\n\t\t\t\t<\/a>\n\t\t\t\t\t\t\t<meta itemprop=\"width\" content=\"455\" \/>\n\t\t\t<meta itemprop=\"height\" content=\"359\" \/>\n\t\tBrasile, Minas Gerais, Monte Si\u00e3o, 1920. La famiglia Pennacchi nel giardino di casa\n\t\t\t\t<a\n\t\t\thref=\"https:\/\/www.fondazionepaolocresci.it\/wp-content\/uploads\/2023\/03\/010_pag39-a-400x305-1.jpg\"\n\t\t\t\t\t\tdata-fancybox=\"images\" \n\t\t\ttitle=\"010_pag39-a-400x305\" \n\t\t\t\t\t\tdata-caption=\"USA, Pennsylvania, Elwood City, anni venti. Alice Nardini col figlio nel cortile di casa\"\n\t\t\t\t\t\tdata-description=\"\" \n\t\t\titemprop=\"contentUrl\">\n\t\t\t<img decoding=\"async\" src=\"https:\/\/www.fondazionepaolocresci.it\/wp-content\/uploads\/2023\/03\/010_pag39-a-400x305-1.jpg\" alt=\"\" data-no-lazy=\"1\" itemprop=\"thumbnail\" width=\"455\" height=\"347\" \/>\n\t\t\t<!-- Overlay Wrapper -->\n\t\t\t <!-- Overlay Wrapper Closed -->\n\t\t\t\t<\/a>\n\t\t\t\t\t\t\t<meta itemprop=\"width\" content=\"455\" \/>\n\t\t\t<meta itemprop=\"height\" content=\"347\" \/>\n\t\tUSA, Pennsylvania, Elwood City, anni venti. Alice Nardini col figlio nel cortile di casa\n\t<h2>\n\t\tHistori intolerance\n\t<\/h2>\n\t<p>La storia dell&#8217;emigrazione italiana \u00e8 costellata da tragici episodi di xenofobia, verificatisi specialmente nell&#8217;ultimo decennio dell&#8217;Ottocento. Negli Stati Uniti: nel 1891, 11 linciaggi a New Orleans; nel 1893, uno a Denver; nel 1895, 6 assassinii a Walsenburg; nel 1896, 5 linciaggi a Tallulah. In Europa: nel 1893 numerose vittime negli incidenti di Aigues Mortes, in Francia; nel 1896, 3 assassinii a Zurigo. Molte altre aggressioni hanno segnato tutta la grande emigrazione.<\/p>\n<p>Elementi comuni erano: i pregiudizi razziali e culturali; i timori di ripercussioni economiche per l&#8217; afflusso di immigrati; l&#8217;influenza della situazione politica generale. L&#8217;avversione a sfondo razziale verso gli italiani, considerati poco pi\u00f9 dei negri  risulta da innumerevoli vignette denigratorie pubblicate sui giornali di molti paesi.<\/p>\n\t\t\t\t<a\n\t\t\thref=\"https:\/\/www.fondazionepaolocresci.it\/wp-content\/uploads\/2023\/03\/011_pag40-268x400-1.jpg\"\n\t\t\t\t\t\tdata-fancybox=\"images\" \n\t\t\ttitle=\"011_pag40-268x400\" \n\t\t\t\t\t\tdata-caption=\"\"la tribuna\", 8 settembre 1893. l'eccidio di aigues mortes \"\n\t\t\t\t\t\tdata-description=\"\" \n\t\t\titemprop=\"contentUrl\">\n\t\t\t<img decoding=\"async\" src=\"https:\/\/www.fondazionepaolocresci.it\/wp-content\/uploads\/2023\/03\/011_pag40-268x400-1.jpg\" alt=\"\" data-no-lazy=\"1\" itemprop=\"thumbnail\" width=\"305\" height=\"455\" \/>\n\t\t\t<!-- Overlay Wrapper -->\n\t\t\t <!-- Overlay Wrapper Closed -->\n\t\t\t\t<\/a>\n\t\t\t\t\t\t\t<meta itemprop=\"width\" content=\"305\" \/>\n\t\t\t<meta itemprop=\"height\" content=\"455\" \/>\n\t\t&#8220;La Tribuna&#8221;, 8 settembre 1893. L&#8217;eccidio di Aigues Mortes \n\t\t\t\t<a\n\t\t\thref=\"https:\/\/www.fondazionepaolocresci.it\/wp-content\/uploads\/2023\/03\/012_pag40a-272x400-1.jpg\"\n\t\t\t\t\t\tdata-fancybox=\"images\" \n\t\t\ttitle=\"012_pag40a-272x400\" \n\t\t\t\t\t\tdata-caption=\"USA, Louisiana, New Orleans, 1891. Eccidio di italiani. I morti appartenevano alla comunit\u00e0 siciliana e vennero considerati semplicemente mafiosi. I concittadini inferociti li trassero dalla prigione, dove erano rinchiusi con l'accusa di aver ucciso il comandante della polizia cittadina, e li trucidarono \"\n\t\t\t\t\t\tdata-description=\"\" \n\t\t\titemprop=\"contentUrl\">\n\t\t\t<img decoding=\"async\" src=\"https:\/\/www.fondazionepaolocresci.it\/wp-content\/uploads\/2023\/03\/012_pag40a-272x400-1.jpg\" alt=\"\" data-no-lazy=\"1\" itemprop=\"thumbnail\" width=\"309\" height=\"455\" \/>\n\t\t\t<!-- Overlay Wrapper -->\n\t\t\t <!-- Overlay Wrapper Closed -->\n\t\t\t\t<\/a>\n\t\t\t\t\t\t\t<meta itemprop=\"width\" content=\"309\" \/>\n\t\t\t<meta itemprop=\"height\" content=\"455\" \/>\n\t\tUSA, Louisiana, New Orleans, 1891. Eccidio di italiani. I morti appartenevano alla comunit\u00e0 siciliana e vennero considerati semplicemente mafiosi. I concittadini inferociti li trassero dalla prigione, dove erano rinchiusi con l&#8217;accusa di aver ucciso il comandante della polizia cittadina, e li trucidarono \n\t\t\t\t<a\n\t\t\thref=\"https:\/\/www.fondazionepaolocresci.it\/wp-content\/uploads\/2023\/03\/013_pag40b-286x400-1.jpg\"\n\t\t\t\t\t\tdata-fancybox=\"images\" \n\t\t\ttitle=\"013_pag40b-286x400\" \n\t\t\t\t\t\tdata-caption=\"\"la domenica del corriere\", 14 aprile 1903. aristide borelli, giovanissimo figurinaio, viene malmenato da alcuni passanti che distruggono anche il suo cesto di statuette\"\n\t\t\t\t\t\tdata-description=\"\" \n\t\t\titemprop=\"contentUrl\">\n\t\t\t<img decoding=\"async\" src=\"https:\/\/www.fondazionepaolocresci.it\/wp-content\/uploads\/2023\/03\/013_pag40b-286x400-1.jpg\" alt=\"\" data-no-lazy=\"1\" itemprop=\"thumbnail\" width=\"325\" height=\"455\" \/>\n\t\t\t<!-- Overlay Wrapper -->\n\t\t\t <!-- Overlay Wrapper Closed -->\n\t\t\t\t<\/a>\n\t\t\t\t\t\t\t<meta itemprop=\"width\" content=\"325\" \/>\n\t\t\t<meta itemprop=\"height\" content=\"455\" \/>\n\t\t&#8220;La Domenica del Corriere&#8221;, 14 aprile 1903. Aristide Borelli, giovanissimo figurinaio, viene malmenato da alcuni passanti che distruggono anche il suo cesto di statuette\n\t\t\t\t<a\n\t\t\thref=\"https:\/\/www.fondazionepaolocresci.it\/wp-content\/uploads\/2023\/03\/014_pag40c-268x400-1.jpg\"\n\t\t\t\t\t\tdata-fancybox=\"images\" \n\t\t\ttitle=\"014_pag40c-268x400\" \n\t\t\t\t\t\tdata-caption=\"Volantino in difesa di Sacco e Vanzetti, diffuso pochi giorni prima dell'esecuzione della sentenza di morte\"\n\t\t\t\t\t\tdata-description=\"\" \n\t\t\titemprop=\"contentUrl\">\n\t\t\t<img decoding=\"async\" src=\"https:\/\/www.fondazionepaolocresci.it\/wp-content\/uploads\/2023\/03\/014_pag40c-268x400-1.jpg\" alt=\"\" data-no-lazy=\"1\" itemprop=\"thumbnail\" width=\"305\" height=\"455\" \/>\n\t\t\t<!-- Overlay Wrapper -->\n\t\t\t <!-- Overlay Wrapper Closed -->\n\t\t\t\t<\/a>\n\t\t\t\t\t\t\t<meta itemprop=\"width\" content=\"305\" \/>\n\t\t\t<meta itemprop=\"height\" content=\"455\" \/>\n\t\tVolantino in difesa di Sacco e Vanzetti, diffuso pochi giorni prima dell&#8217;esecuzione della sentenza di morte\n\t<h2>\n\t\tVerso un&#8217;identit\u00e0 complessa\n\t<\/h2>\n\t<p>Ai primi emigranti bene si adatta la definizione di &#8220;sradicati&#8221;: in genere essi, pur facendo fronte alla diversit\u00e0 che li circondava, se ne difendevano imparando la lingua solo il minimo indispensabile e mantenendo usi ed abitudini di vita originarie. La seconda generazione, spesso nata nel nuovo paese, viveva incerta nella scelta tra un passato che poteva offrire qualche punto di riferimento e un futuro attraente ma ancora dai connotati imprecisi.<\/p>\n<p>Brezat e tret\u00eb dhe t\u00eb kat\u00ebrt rezultojn\u00eb t\u00eb p\u00ebrfshir\u00eb n\u00eb shoq\u00ebrin\u00eb n\u00eb t\u00eb cil\u00ebn veprojn\u00eb dhe shquhen n\u00eb politik\u00eb, art, financ\u00eb, kinema dhe tregti. Nd\u00ebrsa gjeneratat integrohen, ata ndiejn\u00eb nevoj\u00ebn p\u00ebr t\u00eb rizbuluar rr\u00ebnj\u00ebt e tyre dhe k\u00ebrkojn\u00eb t\u2019i rimarrin ato n\u00eb k\u00ebrkim t\u00eb identitetit, nj\u00eb shtytje q\u00eb bashkon aspektet etnike (besim fetar, festa, gastronomi) dhe stilet e reja t\u00eb jetes\u00ebs (pun\u00eb, familje, miq\u00ebsi) .<\/p>\n\t\t\t\t<a\n\t\t\thref=\"https:\/\/www.fondazionepaolocresci.it\/wp-content\/uploads\/2023\/03\/015_pag42-400x243-1.jpg\"\n\t\t\t\t\t\tdata-fancybox=\"images\" \n\t\t\ttitle=\"015_pag42-400x243\" \n\t\t\t\t\t\tdata-caption=\"USA, Illinois, Chicago, 1930. Anita Frediani, figlia di Ugo ed Eugenia emigrati nel 1900, con due amiche. Sembra una vera americana! \"\n\t\t\t\t\t\tdata-description=\"\" \n\t\t\titemprop=\"contentUrl\">\n\t\t\t<img decoding=\"async\" src=\"https:\/\/www.fondazionepaolocresci.it\/wp-content\/uploads\/2023\/03\/015_pag42-400x243-1.jpg\" alt=\"\" data-no-lazy=\"1\" itemprop=\"thumbnail\" width=\"455\" height=\"276\" \/>\n\t\t\t<!-- Overlay Wrapper -->\n\t\t\t <!-- Overlay Wrapper Closed -->\n\t\t\t\t<\/a>\n\t\t\t\t\t\t\t<meta itemprop=\"width\" content=\"455\" \/>\n\t\t\t<meta itemprop=\"height\" content=\"276\" \/>\n\t\tUSA, Illinois, Chicago, 1930. Anita Frediani, figlia di Ugo ed Eugenia emigrati nel 1900, con due amiche. Sembra una vera americana! \n\t\t\t\t<a\n\t\t\thref=\"https:\/\/www.fondazionepaolocresci.it\/wp-content\/uploads\/2023\/03\/016_pag42-a-400x257-1.jpg\"\n\t\t\t\t\t\tdata-fancybox=\"images\" \n\t\t\ttitle=\"016_pag42-a-400x257\" \n\t\t\t\t\t\tdata-caption=\"Argentina, Mar del Plata, 1935. Sulla famosa spiaggia i nonni vestiti austeramente di scuro e con cappelli adeguati, i giovani in tenute sportive \"\n\t\t\t\t\t\tdata-description=\"\" \n\t\t\titemprop=\"contentUrl\">\n\t\t\t<img decoding=\"async\" src=\"https:\/\/www.fondazionepaolocresci.it\/wp-content\/uploads\/2023\/03\/016_pag42-a-400x257-1.jpg\" alt=\"\" data-no-lazy=\"1\" itemprop=\"thumbnail\" width=\"455\" height=\"292\" \/>\n\t\t\t<!-- Overlay Wrapper -->\n\t\t\t <!-- Overlay Wrapper Closed -->\n\t\t\t\t<\/a>\n\t\t\t\t\t\t\t<meta itemprop=\"width\" content=\"455\" \/>\n\t\t\t<meta itemprop=\"height\" content=\"292\" \/>\n\t\tArgentina, Mar del Plata, 1935. Sulla famosa spiaggia i nonni vestiti austeramente di scuro e con cappelli adeguati, i giovani in tenute sportive \n\t\t\t\t<a\n\t\t\thref=\"https:\/\/www.fondazionepaolocresci.it\/wp-content\/uploads\/2023\/03\/17_pag42-b-281x400-1.jpg\"\n\t\t\t\t\t\tdata-fancybox=\"images\" \n\t\t\ttitle=\"17_pag42-b-281x400\" \n\t\t\t\t\t\tdata-caption=\"USA, anni dieci. Una diversa scelta. Due fratelli gemelli, nati nel 1899, combattono uno, come bersagliere, in Italia e l'altro, come fante degli Stati Uniti, durante la prima guerra mondiale \"\n\t\t\t\t\t\tdata-description=\"\" \n\t\t\titemprop=\"contentUrl\">\n\t\t\t<img decoding=\"async\" src=\"https:\/\/www.fondazionepaolocresci.it\/wp-content\/uploads\/2023\/03\/17_pag42-b-281x400-1.jpg\" alt=\"\" data-no-lazy=\"1\" itemprop=\"thumbnail\" width=\"320\" height=\"455\" \/>\n\t\t\t<!-- Overlay Wrapper -->\n\t\t\t <!-- Overlay Wrapper Closed -->\n\t\t\t\t<\/a>\n\t\t\t\t\t\t\t<meta itemprop=\"width\" content=\"320\" \/>\n\t\t\t<meta itemprop=\"height\" content=\"455\" \/>\n\t\tUSA, anni dieci. Una diversa scelta. Due fratelli gemelli, nati nel 1899, combattono uno, come bersagliere, in Italia e l&#8217;altro, come fante degli Stati Uniti, durante la prima guerra mondiale \n\t\t\t\t<a\n\t\t\thref=\"https:\/\/www.fondazionepaolocresci.it\/wp-content\/uploads\/2023\/03\/18_pag42-c-400x299-1.jpg\"\n\t\t\t\t\t\tdata-fancybox=\"images\" \n\t\t\ttitle=\"18_pag42-c-400x299\" \n\t\t\t\t\t\tdata-caption=\"Brasile, San Paolo, 1933. Famiglia Lucchesi in spiaggia \"\n\t\t\t\t\t\tdata-description=\"\" \n\t\t\titemprop=\"contentUrl\">\n\t\t\t<img decoding=\"async\" src=\"https:\/\/www.fondazionepaolocresci.it\/wp-content\/uploads\/2023\/03\/18_pag42-c-400x299-1.jpg\" alt=\"\" data-no-lazy=\"1\" itemprop=\"thumbnail\" width=\"455\" height=\"340\" \/>\n\t\t\t<!-- Overlay Wrapper -->\n\t\t\t <!-- Overlay Wrapper Closed -->\n\t\t\t\t<\/a>\n\t\t\t\t\t\t\t<meta itemprop=\"width\" content=\"455\" \/>\n\t\t\t<meta itemprop=\"height\" content=\"340\" \/>\n\t\tBrasile, San Paolo, 1933. Famiglia Lucchesi in spiaggia \n\t<h2>\n\t\tPjes\u00ebmarrja n\u00eb grup\n\t<\/h2>\n\t<p>Durante la &#8220;grande emigrazione&#8221; le associazioni nacquero per il mutuo soccorso tra i soci aiutandoli a superare difficolt\u00e0 legate all&#8217;inserimento nella nuova realt\u00e0. Pagando piccole quote mensili si provvedeva ad aiutare chi perdeva il lavoro e a curare i malati. Talvolta alla societ\u00e0 era abbinato uno spaccio di generi di prima necessit\u00e0 a prezzi agevolati.<\/p>\n<p>In seguito le societ\u00e0 allargarono l&#8217; attivit\u00e0: svolsero opera di collocamento al lavoro; fornirono un&#8217;educazione sanitaria con medici e ambulatori; crearono scuole e biblioteche per l&#8217;insegnamento dell&#8217;italiano e migliorare l&#8217;istruzione tecnica dei soci; organizzarono pranzi sociali, balli, feste per ricorrenze politiche e religiose, manifestazioni culturali e sportive. Presso le societ\u00e0 era possibile seguire le vicende italiane leggendo i giornali italiani.<\/p>\n\t\t\t\t<a\n\t\t\thref=\"https:\/\/www.fondazionepaolocresci.it\/wp-content\/uploads\/2023\/03\/019_.jpg\"\n\t\t\t\t\t\tdata-fancybox=\"images\" \n\t\t\ttitle=\"019_\" \n\t\t\t\t\t\tdata-caption=\"Guatemala, Citt\u00e0 del Guatemala, anni trenta. Una riunione conviviale della comunit\u00e0 italiana\"\n\t\t\t\t\t\tdata-description=\"\" \n\t\t\titemprop=\"contentUrl\">\n\t\t\t<img decoding=\"async\" src=\"https:\/\/www.fondazionepaolocresci.it\/wp-content\/uploads\/2023\/03\/019_.jpg\" alt=\"\" data-no-lazy=\"1\" itemprop=\"thumbnail\" width=\"455\" height=\"292\" \/>\n\t\t\t<!-- Overlay Wrapper -->\n\t\t\t <!-- Overlay Wrapper Closed -->\n\t\t\t\t<\/a>\n\t\t\t\t\t\t\t<meta itemprop=\"width\" content=\"455\" \/>\n\t\t\t<meta itemprop=\"height\" content=\"292\" \/>\n\t\tGuatemala, Citt\u00e0 del Guatemala, anni trenta. Una riunione conviviale della comunit\u00e0 italiana\n\t\t\t\t<a\n\t\t\thref=\"https:\/\/www.fondazionepaolocresci.it\/wp-content\/uploads\/2023\/03\/020_pag44-219x400-1.jpg\"\n\t\t\t\t\t\tdata-fancybox=\"images\" \n\t\t\ttitle=\"020_pag44-219x400\" \n\t\t\t\t\t\tdata-caption=\"USA, Illinois, Chicago. Coccarda della \"societ\u00e0 torino di mutuo soccorso\"\"\n\t\t\t\t\t\tdata-description=\"\" \n\t\t\titemprop=\"contentUrl\">\n\t\t\t<img decoding=\"async\" src=\"https:\/\/www.fondazionepaolocresci.it\/wp-content\/uploads\/2023\/03\/020_pag44-219x400-1.jpg\" alt=\"\" data-no-lazy=\"1\" itemprop=\"thumbnail\" width=\"249\" height=\"455\" \/>\n\t\t\t<!-- Overlay Wrapper -->\n\t\t\t <!-- Overlay Wrapper Closed -->\n\t\t\t\t<\/a>\n\t\t\t\t\t\t\t<meta itemprop=\"width\" content=\"249\" \/>\n\t\t\t<meta itemprop=\"height\" content=\"455\" \/>\n\t\tUSA, Illinois, Chicago. Coccarda della &#8220;Societ\u00e0 Torino di mutuo soccorso&#8221;\n\t\t\t\t<a\n\t\t\thref=\"https:\/\/www.fondazionepaolocresci.it\/wp-content\/uploads\/2023\/03\/021_pag44-a-400x211-1.jpg\"\n\t\t\t\t\t\tdata-fancybox=\"images\" \n\t\t\ttitle=\"021_pag44-a-400x211\" \n\t\t\t\t\t\tdata-caption=\"Brasile, Rio Grande del Sud, Caxias. Colazione al sacco di veneti appartenenti ad una societ\u00e0 di mutuo soccorso\"\n\t\t\t\t\t\tdata-description=\"\" \n\t\t\titemprop=\"contentUrl\">\n\t\t\t<img decoding=\"async\" src=\"https:\/\/www.fondazionepaolocresci.it\/wp-content\/uploads\/2023\/03\/021_pag44-a-400x211-1.jpg\" alt=\"\" data-no-lazy=\"1\" itemprop=\"thumbnail\" width=\"455\" height=\"240\" \/>\n\t\t\t<!-- Overlay Wrapper -->\n\t\t\t <!-- Overlay Wrapper Closed -->\n\t\t\t\t<\/a>\n\t\t\t\t\t\t\t<meta itemprop=\"width\" content=\"455\" \/>\n\t\t\t<meta itemprop=\"height\" content=\"240\" \/>\n\t\tBrasile, Rio Grande del Sud, Caxias. Colazione al sacco di veneti appartenenti ad una societ\u00e0 di mutuo soccorso\n\t\t\t\t<a\n\t\t\thref=\"https:\/\/www.fondazionepaolocresci.it\/wp-content\/uploads\/2023\/03\/022_pag44-b-400x193-1.jpg\"\n\t\t\t\t\t\tdata-fancybox=\"images\" \n\t\t\ttitle=\"022_pag44-b-400x193\" \n\t\t\t\t\t\tdata-caption=\"Gran Bretagna, anni trenta. Una comunit\u00e0 italiana riunita a pranzo\"\n\t\t\t\t\t\tdata-description=\"\" \n\t\t\titemprop=\"contentUrl\">\n\t\t\t<img decoding=\"async\" src=\"https:\/\/www.fondazionepaolocresci.it\/wp-content\/uploads\/2023\/03\/022_pag44-b-400x193-1.jpg\" alt=\"\" data-no-lazy=\"1\" itemprop=\"thumbnail\" width=\"455\" height=\"220\" \/>\n\t\t\t<!-- Overlay Wrapper -->\n\t\t\t <!-- Overlay Wrapper Closed -->\n\t\t\t\t<\/a>\n\t\t\t\t\t\t\t<meta itemprop=\"width\" content=\"455\" \/>\n\t\t\t<meta itemprop=\"height\" content=\"220\" \/>\n\t\tGran Bretagna, anni trenta. Una comunit\u00e0 italiana riunita a pranzo\n\t\t\t\t<a\n\t\t\thref=\"https:\/\/www.fondazionepaolocresci.it\/wp-content\/uploads\/2023\/03\/023_pag44-d-399x400-1.jpg\"\n\t\t\t\t\t\tdata-fancybox=\"images\" \n\t\t\ttitle=\"023_pag44-d-399x400\" \n\t\t\t\t\t\tdata-caption=\"Germania, Kreuzlingen, 1913. Aderenti alla Sezione socialista italiana\"\n\t\t\t\t\t\tdata-description=\"\" \n\t\t\titemprop=\"contentUrl\">\n\t\t\t<img decoding=\"async\" src=\"https:\/\/www.fondazionepaolocresci.it\/wp-content\/uploads\/2023\/03\/023_pag44-d-399x400-1.jpg\" alt=\"\" data-no-lazy=\"1\" itemprop=\"thumbnail\" width=\"454\" height=\"455\" \/>\n\t\t\t<!-- Overlay Wrapper -->\n\t\t\t <!-- Overlay Wrapper Closed -->\n\t\t\t\t<\/a>\n\t\t\t\t\t\t\t<meta itemprop=\"width\" content=\"454\" \/>\n\t\t\t<meta itemprop=\"height\" content=\"455\" \/>\n\t\tGermania, Kreuzlingen, 1913. Aderenti alla Sezione socialista italiana\n\t<h2>\n\t\tShkolla nd\u00ebrmjet dy bot\u00ebve\n\t<\/h2>\n\t<p>Tutti i governi dei paesi d&#8217;immigrazione hanno svolto opera di integrazione nei confronti degli stranieri. L&#8217;uomo emigrato da solo pensava a guadagnare per il sostentamento dei suoi in patria e per affrettare i tempi del ritorno e, per questo, rifiutava ogni contatto con la lingua sconosciuta, con le abitudini diverse, anche quelle legate al tempo libero. La politica d&#8217;integrazione pi\u00f9 efficace messa in atto dai paesi ospitanti fu ottenuta tramite la scuola e con interventi assistenziali per far acquisire rapidamente costumi e abitudini locali.<\/p>\n<p>I governi italiani si resero conto dell&#8217;importanza di mantenere legami con gli emigranti: nel 1889 fu varata una legge sulle scuole italiane all&#8217;estero; in quell&#8217;anno nacque la &#8220;Societ\u00e0 Dante Alighieri&#8221; per la diffusione della lingua e della cultura italiana nel mondo.<\/p>\n\t\t\t\t<a\n\t\t\thref=\"https:\/\/www.fondazionepaolocresci.it\/wp-content\/uploads\/2023\/03\/024_pag46-400x261-1.jpg\"\n\t\t\t\t\t\tdata-fancybox=\"images\" \n\t\t\ttitle=\"024_pag46-400x261\" \n\t\t\t\t\t\tdata-caption=\"Tunisia, Tunisi. Una classe femminile della locale scuola italiana\"\n\t\t\t\t\t\tdata-description=\"\" \n\t\t\titemprop=\"contentUrl\">\n\t\t\t<img decoding=\"async\" src=\"https:\/\/www.fondazionepaolocresci.it\/wp-content\/uploads\/2023\/03\/024_pag46-400x261-1.jpg\" alt=\"\" data-no-lazy=\"1\" itemprop=\"thumbnail\" width=\"455\" height=\"297\" \/>\n\t\t\t<!-- Overlay Wrapper -->\n\t\t\t <!-- Overlay Wrapper Closed -->\n\t\t\t\t<\/a>\n\t\t\t\t\t\t\t<meta itemprop=\"width\" content=\"455\" \/>\n\t\t\t<meta itemprop=\"height\" content=\"297\" \/>\n\t\tTunisia, Tunisi. Una classe femminile della locale scuola italiana\n\t\t\t\t<a\n\t\t\thref=\"https:\/\/www.fondazionepaolocresci.it\/wp-content\/uploads\/2023\/03\/025_pag46-a-307x400-1.jpg\"\n\t\t\t\t\t\tdata-fancybox=\"images\" \n\t\t\ttitle=\"025_pag46-a-307x400\" \n\t\t\t\t\t\tdata-caption=\"Pagella rilasciata in una scuola media italiana di Atene\"\n\t\t\t\t\t\tdata-description=\"\" \n\t\t\titemprop=\"contentUrl\">\n\t\t\t<img decoding=\"async\" src=\"https:\/\/www.fondazionepaolocresci.it\/wp-content\/uploads\/2023\/03\/025_pag46-a-307x400-1.jpg\" alt=\"\" data-no-lazy=\"1\" itemprop=\"thumbnail\" width=\"349\" height=\"455\" \/>\n\t\t\t<!-- Overlay Wrapper -->\n\t\t\t <!-- Overlay Wrapper Closed -->\n\t\t\t\t<\/a>\n\t\t\t\t\t\t\t<meta itemprop=\"width\" content=\"349\" \/>\n\t\t\t<meta itemprop=\"height\" content=\"455\" \/>\n\t\tPagella rilasciata in una scuola media italiana di Atene\n\t<h2>\n\t\tShenjtor\u00eb dhe procesione\n\t<\/h2>\n\t<p>Le feste religiose coinvolgevano la famiglia e l&#8217;intera comunit\u00e0 e, oltre a Natale e Pasqua, quelle della celebrazione dei santi patroni. Gli emigrati partecipando ad esse, si raccordavano alla vita della comunit\u00e0 d&#8217;origine, sentivano i santi come loro protettori nella vicenda dell&#8217;esilio e da cui ricevere conforto e aiuto. L&#8217;importanza della religione nelle varie comunit\u00e0 italiana \u00e8 dimostrata dallo sviluppo dei luoghi di culto: dalla piccola cappella di legno alla semplice chiesa in pietra e infine a quelle monumentali, dagli alti campanili, in stili architettonici d&#8217;ispirazione italiana.<\/p>\n\t\t\t\t<a\n\t\t\thref=\"https:\/\/www.fondazionepaolocresci.it\/wp-content\/uploads\/2023\/03\/026_22a-400x247-1.jpg\"\n\t\t\t\t\t\tdata-fancybox=\"images\" \n\t\t\ttitle=\"026_22a-400x247\" \n\t\t\t\t\t\tdata-caption=\"Brasile, Minas Gerais, Ouro Fino, inizio novecento. Processione che ripete quella che si tiene ogni anno a Chiozza in provincia di Lucca\"\n\t\t\t\t\t\tdata-description=\"\" \n\t\t\titemprop=\"contentUrl\">\n\t\t\t<img decoding=\"async\" src=\"https:\/\/www.fondazionepaolocresci.it\/wp-content\/uploads\/2023\/03\/026_22a-400x247-1.jpg\" alt=\"\" data-no-lazy=\"1\" itemprop=\"thumbnail\" width=\"455\" height=\"281\" \/>\n\t\t\t<!-- Overlay Wrapper -->\n\t\t\t <!-- Overlay Wrapper Closed -->\n\t\t\t\t<\/a>\n\t\t\t\t\t\t\t<meta itemprop=\"width\" content=\"455\" \/>\n\t\t\t<meta itemprop=\"height\" content=\"281\" \/>\n\t\tBrasile, Minas Gerais, Ouro Fino, inizio novecento. Processione che ripete quella che si tiene ogni anno a Chiozza in provincia di Lucca\n\t<nav aria-label=\"Muzeu\" itemscope=\"itemscope\" itemtype=\"https:\/\/schema.org\/SiteNavigationElement\">\n\t\t<ul id=\"menu-museo\"><li id=\"menu-item-33836\"><a href=\"https:\/\/www.fondazionepaolocresci.it\/sq\/museo\/\" tabindex=\"0\" role=\"link\">N\u00ebp\u00ebrmjet<\/a><\/li><li id=\"menu-item-33833\"><a href=\"https:\/\/www.fondazionepaolocresci.it\/sq\/museo\/emigrojme\/\" tabindex=\"0\" role=\"link\">Emigrojm\u00eb<\/a><\/li><li id=\"menu-item-33832\"><a href=\"https:\/\/www.fondazionepaolocresci.it\/sq\/museo\/ne-kuverte\/\" tabindex=\"0\" role=\"link\">Il viaggio e l&#8217;arrivo<\/a><\/li><li id=\"menu-item-33831\"><a href=\"https:\/\/www.fondazionepaolocresci.it\/sq\/museo\/puna\/\" tabindex=\"0\" role=\"link\">Puna<\/a><\/li><li id=\"menu-item-33830\"><a href=\"https:\/\/www.fondazionepaolocresci.it\/sq\/museo\/homelands-reja\/\" aria-current=\"page\" tabindex=\"0\" role=\"link\">Homelands reja<\/a><\/li><li id=\"menu-item-33829\"><a href=\"https:\/\/www.fondazionepaolocresci.it\/sq\/museo\/fije-e-kujteses\/\" tabindex=\"0\" role=\"link\">Fije e kujtes\u00ebs<\/a><\/li><li id=\"menu-item-33828\"><a href=\"https:\/\/www.fondazionepaolocresci.it\/sq\/museo\/perseri-per-rruge\/\" tabindex=\"0\" role=\"link\">P\u00ebrs\u00ebri p\u00ebr rrug\u00eb<\/a><\/li><\/ul>\n\t\t\t<\/nav>","protected":false},"excerpt":{"rendered":"<p>&#8211; Fondatori di citt\u00e0 e colonizzatori L&#8217;immigrazione italiana negli Stati Uniti, sebbene composta in gran parte da contadini, si tenne lontana dall&#8217;agricoltura con eccezioni negli Stati del Sud. Tontitown, in Arkansas, colonia fondata nel 1898 e ancora oggi con forte componente italiana, e, in California, la Italian-Swiss Agricoltural Colony, nata nel 1881 nella Sonoma Valley, [&hellip;]<\/p>\n","protected":false},"author":1,"featured_media":0,"parent":24,"menu_order":0,"comment_status":"closed","ping_status":"open","template":"","meta":{"_acf_changed":false,"_relevanssi_hide_post":"","_relevanssi_hide_content":"","_relevanssi_pin_for_all":"","_relevanssi_pin_keywords":"","_relevanssi_unpin_keywords":"","_relevanssi_related_keywords":"","_relevanssi_related_include_ids":"","_relevanssi_related_exclude_ids":"","_relevanssi_related_no_append":"","_relevanssi_related_not_related":"","_relevanssi_related_posts":"","_relevanssi_noindex_reason":"","site-sidebar-layout":"default","site-content-layout":"","ast-site-content-layout":"default","site-content-style":"default","site-sidebar-style":"default","ast-global-header-display":"","ast-banner-title-visibility":"","ast-main-header-display":"","ast-hfb-above-header-display":"","ast-hfb-below-header-display":"","ast-hfb-mobile-header-display":"","site-post-title":"","ast-breadcrumbs-content":"","ast-featured-img":"","footer-sml-layout":"","ast-disable-related-posts":"","theme-transparent-header-meta":"","adv-header-id-meta":"","stick-header-meta":"","header-above-stick-meta":"","header-main-stick-meta":"","header-below-stick-meta":"","astra-migrate-meta-layouts":"default","ast-page-background-enabled":"default","ast-page-background-meta":{"desktop":{"background-color":"var(--ast-global-color-4)","background-image":"","background-repeat":"repeat","background-position":"center center","background-size":"auto","background-attachment":"scroll","background-type":"","background-media":"","overlay-type":"","overlay-color":"","overlay-opacity":"","overlay-gradient":""},"tablet":{"background-color":"","background-image":"","background-repeat":"repeat","background-position":"center center","background-size":"auto","background-attachment":"scroll","background-type":"","background-media":"","overlay-type":"","overlay-color":"","overlay-opacity":"","overlay-gradient":""},"mobile":{"background-color":"","background-image":"","background-repeat":"repeat","background-position":"center center","background-size":"auto","background-attachment":"scroll","background-type":"","background-media":"","overlay-type":"","overlay-color":"","overlay-opacity":"","overlay-gradient":""}},"ast-content-background-meta":{"desktop":{"background-color":"var(--ast-global-color-5)","background-image":"","background-repeat":"repeat","background-position":"center center","background-size":"auto","background-attachment":"scroll","background-type":"","background-media":"","overlay-type":"","overlay-color":"","overlay-opacity":"","overlay-gradient":""},"tablet":{"background-color":"var(--ast-global-color-5)","background-image":"","background-repeat":"repeat","background-position":"center center","background-size":"auto","background-attachment":"scroll","background-type":"","background-media":"","overlay-type":"","overlay-color":"","overlay-opacity":"","overlay-gradient":""},"mobile":{"background-color":"var(--ast-global-color-5)","background-image":"","background-repeat":"repeat","background-position":"center center","background-size":"auto","background-attachment":"scroll","background-type":"","background-media":"","overlay-type":"","overlay-color":"","overlay-opacity":"","overlay-gradient":""}},"footnotes":""},"class_list":["post-33816","page","type-page","status-publish","hentry"],"acf":[],"_links":{"self":[{"href":"https:\/\/www.fondazionepaolocresci.it\/sq\/wp-json\/wp\/v2\/pages\/33816","targetHints":{"allow":["GET"]}}],"collection":[{"href":"https:\/\/www.fondazionepaolocresci.it\/sq\/wp-json\/wp\/v2\/pages"}],"about":[{"href":"https:\/\/www.fondazionepaolocresci.it\/sq\/wp-json\/wp\/v2\/types\/page"}],"author":[{"embeddable":true,"href":"https:\/\/www.fondazionepaolocresci.it\/sq\/wp-json\/wp\/v2\/users\/1"}],"replies":[{"embeddable":true,"href":"https:\/\/www.fondazionepaolocresci.it\/sq\/wp-json\/wp\/v2\/comments?post=33816"}],"version-history":[{"count":3,"href":"https:\/\/www.fondazionepaolocresci.it\/sq\/wp-json\/wp\/v2\/pages\/33816\/revisions"}],"predecessor-version":[{"id":34232,"href":"https:\/\/www.fondazionepaolocresci.it\/sq\/wp-json\/wp\/v2\/pages\/33816\/revisions\/34232"}],"up":[{"embeddable":true,"href":"https:\/\/www.fondazionepaolocresci.it\/sq\/wp-json\/wp\/v2\/pages\/24"}],"wp:attachment":[{"href":"https:\/\/www.fondazionepaolocresci.it\/sq\/wp-json\/wp\/v2\/media?parent=33816"}],"curies":[{"name":"wp","href":"https:\/\/api.w.org\/{rel}","templated":true}]}}