{"id":10858,"date":"2013-10-21T12:10:07","date_gmt":"2013-10-21T10:10:07","guid":{"rendered":"https:\/\/fpc.ms-dev.it\/testimonianza\/andrea-guglielmi\/"},"modified":"2013-10-21T12:10:07","modified_gmt":"2013-10-21T10:10:07","slug":"andrea-guglielmi","status":"publish","type":"testimonianza","link":"https:\/\/www.fondazionepaolocresci.it\/fr\/testimonianza\/andrea-guglielmi\/","title":{"rendered":"Andrea Guglielmi"},"content":{"rendered":"<p>Je suis n\u00e9 \u00e0 Vallebona (IM) le 12\/10\/1960, fils d'Eraldo (ancien employ\u00e9 municipal et agriculteur-floriculteur par passion) et de Caterina Guglielmi (agricultrice-floricultrice, fille de Florindo, charpentier du village). Vallebona se trouve \u00e0 4 kilom\u00e8tres de Bordighera, \u00e0 149 m\u00e8tres au-dessus du niveau de la mer. D'apr\u00e8s certains documents anciens, il semble que le village ait \u00e9t\u00e9 fond\u00e9 par des fr\u00e8res de Lucques au XIIe si\u00e8cle. J'ai fr\u00e9quent\u00e9 l'\u00e9cole primaire \u00e0 Vallebona et l'\u00e9cole secondaire \u00e0 Vallecrosia (Andrea Doria) o\u00f9 mon p\u00e8re travaillait pour la municipalit\u00e9 de cette ville puisqu'il n'y avait pas d'\u00e9cole \u00e0 Vallebona. Apr\u00e8s l'\u00e9cole secondaire, j'ai fr\u00e9quent\u00e9 l'Institut professionnel d'\u00c9tat pour l'agriculture Domenico Aicardi \u00e0 San Remo. J'ai aim\u00e9 \u00e9tudier la floriculture, mais mon \u00e2me a toujours \u00e9t\u00e9 plus proche des mati\u00e8res litt\u00e9raires et surtout de l'arch\u00e9ologie. Apr\u00e8s l'\u00e9cole, j'ai travaill\u00e9 pendant un an comme jardinier \u00e0 la mairie de Bordighera, puis, apr\u00e8s un cours dans la r\u00e9gion de Ligurie, j'ai travaill\u00e9 de 1982 \u00e0 1990 aupr\u00e8s d'une association agricole renomm\u00e9e. \u00c0 l'\u00e2ge de 15 ans, je me suis int\u00e9ress\u00e9 aux philosophies orientales et j'ai commenc\u00e9 \u00e0 \u00e9crire des po\u00e8mes pour exprimer mes sentiments personnels. \u00c0 l'\u00e2ge de 18 ans, j'ai lu la Bhagavad gita et le livre de Krishna, mais la rencontre d\u00e9cisive et culminante de ma formation philosophique a eu lieu en 1989 avec un ma\u00eetre bouddhiste tib\u00e9tain. Avec quelques amis, nous avons fond\u00e9 le Centre d'\u00e9tude Kalachakra et le Centre de gnose de la Soci\u00e9t\u00e9 th\u00e9osophique. En 1982, j'ai \u00e9pous\u00e9 Graziella qui m'a donn\u00e9 ma fille unique Selene en 1984. Avant de quitter l'Italie, j'ai d\u00e9cid\u00e9 d'apprendre le syst\u00e8me de gu\u00e9rison Mikao Usui, plus connu sous le nom de Reiki. En 1990, apr\u00e8s une r\u00e9flexion familiale douloureuse, la d\u00e9cision a \u00e9t\u00e9 prise de changer d'air et de d\u00e9m\u00e9nager au Mexique, plus pr\u00e9cis\u00e9ment \u00e0 Torre\u00f3n, dans l'\u00c9tat de Coahuila. D'abord la cr\u00e9ation d'une soci\u00e9t\u00e9 d'import-export apr\u00e8s l'\u00e9chec d'un projet agricole, puis divers projets qui n'ont jamais abouti et le d\u00e9but de cours priv\u00e9s de langue italienne. Gr\u00e2ce \u00e0 des personnes int\u00e9ress\u00e9es par le Reiki, j'ai commenc\u00e9 \u00e0 donner des traitements et \u00e0 rencontrer des personnes int\u00e9ressantes de diff\u00e9rents pays, en particulier des Mexicains. En 1993, je me suis s\u00e9par\u00e9e de Graziella et j'ai d\u00e9m\u00e9nag\u00e9 \u00e0 Cuernavaca, capitale de l'\u00c9tat de Morelos, o\u00f9 je vis toujours. Au d\u00e9but, je donnais des s\u00e9ances de Reiki dans une clinique priv\u00e9e en m\u00eame temps que je donnais des cours d'italien. En mai 1994, j'ai \u00e9pous\u00e9 Lupita (officiellement Guadalupe). En 1994, j'ai rencontr\u00e9 Marie-B\u00e9atrice et Marie-Jos\u00e9e de Savoie, avec la premi\u00e8re j'ai eu des contacts par affinit\u00e9s philosophiques et avec la seconde je lui ai donn\u00e9 de belles le\u00e7ons d'espagnol comme th\u00e9rapie occupationnelle. Apr\u00e8s une courte pause dans le secteur de la floriculture (environ un an et demi), j'ai d\u00e9cid\u00e9 de me consacrer enti\u00e8rement \u00e0 l'enseignement de la langue et de la culture italiennes, bien que je n'aie jamais compl\u00e8tement abandonn\u00e9 les s\u00e9ances de Reiki \u00e0 la demande de certains amis et connaissances. Je donne actuellement des cours \u00e0 l'Universit\u00e9 La Salle, \u00e0 l'Institut de langues New Lingua ainsi que des cours particuliers, apr\u00e8s quelques ann\u00e9es \u00e0 l'Institut anglo-am\u00e9ricain et une ann\u00e9e \u00e0 l'antenne de l'Institut culturel italien.<\/p>","protected":false},"featured_media":10252,"template":"","meta":{"_acf_changed":false,"_relevanssi_hide_post":"","_relevanssi_hide_content":"","_relevanssi_pin_for_all":"","_relevanssi_pin_keywords":"","_relevanssi_unpin_keywords":"","_relevanssi_related_keywords":"","_relevanssi_related_include_ids":"","_relevanssi_related_exclude_ids":"","_relevanssi_related_no_append":"","_relevanssi_related_not_related":"","_relevanssi_related_posts":"","_relevanssi_noindex_reason":"","site-sidebar-layout":"default","site-content-layout":"","ast-site-content-layout":"default","site-content-style":"default","site-sidebar-style":"default","ast-global-header-display":"","ast-banner-title-visibility":"","ast-main-header-display":"","ast-hfb-above-header-display":"","ast-hfb-below-header-display":"","ast-hfb-mobile-header-display":"","site-post-title":"","ast-breadcrumbs-content":"","ast-featured-img":"","footer-sml-layout":"","ast-disable-related-posts":"","theme-transparent-header-meta":"","adv-header-id-meta":"","stick-header-meta":"","header-above-stick-meta":"","header-main-stick-meta":"","header-below-stick-meta":"","astra-migrate-meta-layouts":"default","ast-page-background-enabled":"default","ast-page-background-meta":{"desktop":{"background-color":"var(--ast-global-color-4)","background-image":"","background-repeat":"repeat","background-position":"center center","background-size":"auto","background-attachment":"scroll","background-type":"","background-media":"","overlay-type":"","overlay-color":"","overlay-opacity":"","overlay-gradient":""},"tablet":{"background-color":"","background-image":"","background-repeat":"repeat","background-position":"center center","background-size":"auto","background-attachment":"scroll","background-type":"","background-media":"","overlay-type":"","overlay-color":"","overlay-opacity":"","overlay-gradient":""},"mobile":{"background-color":"","background-image":"","background-repeat":"repeat","background-position":"center center","background-size":"auto","background-attachment":"scroll","background-type":"","background-media":"","overlay-type":"","overlay-color":"","overlay-opacity":"","overlay-gradient":""}},"ast-content-background-meta":{"desktop":{"background-color":"var(--ast-global-color-5)","background-image":"","background-repeat":"repeat","background-position":"center center","background-size":"auto","background-attachment":"scroll","background-type":"","background-media":"","overlay-type":"","overlay-color":"","overlay-opacity":"","overlay-gradient":""},"tablet":{"background-color":"var(--ast-global-color-5)","background-image":"","background-repeat":"repeat","background-position":"center center","background-size":"auto","background-attachment":"scroll","background-type":"","background-media":"","overlay-type":"","overlay-color":"","overlay-opacity":"","overlay-gradient":""},"mobile":{"background-color":"var(--ast-global-color-5)","background-image":"","background-repeat":"repeat","background-position":"center center","background-size":"auto","background-attachment":"scroll","background-type":"","background-media":"","overlay-type":"","overlay-color":"","overlay-opacity":"","overlay-gradient":""}}},"class_list":["post-10858","testimonianza","type-testimonianza","status-publish","has-post-thumbnail","hentry"],"acf":[],"_links":{"self":[{"href":"https:\/\/www.fondazionepaolocresci.it\/fr\/wp-json\/wp\/v2\/testimonianza\/10858","targetHints":{"allow":["GET"]}}],"collection":[{"href":"https:\/\/www.fondazionepaolocresci.it\/fr\/wp-json\/wp\/v2\/testimonianza"}],"about":[{"href":"https:\/\/www.fondazionepaolocresci.it\/fr\/wp-json\/wp\/v2\/types\/testimonianza"}],"wp:featuredmedia":[{"embeddable":true,"href":"https:\/\/www.fondazionepaolocresci.it\/fr\/wp-json\/wp\/v2\/media\/10252"}],"wp:attachment":[{"href":"https:\/\/www.fondazionepaolocresci.it\/fr\/wp-json\/wp\/v2\/media?parent=10858"}],"curies":[{"name":"wp","href":"https:\/\/api.w.org\/{rel}","templated":true}]}}